{"id":37,"date":"2016-01-17T12:43:05","date_gmt":"2016-01-17T12:43:05","guid":{"rendered":"http:\/\/fudokan.si\/?page_id=37"},"modified":"2026-04-01T08:53:13","modified_gmt":"2026-04-01T08:53:13","slug":"sodniska-komisija","status":"publish","type":"page","link":"https:\/\/fudokan.si\/?page_id=37","title":{"rendered":"Sodni\u0161ka komisija"},"content":{"rendered":"<p>Predsednik sodni\u0161ke komisije<\/p>\n<p>&nbsp;<\/p>\n<p><img loading=\"lazy\" decoding=\"async\" class=\"aligncenter wp-image-2472 size-large\" src=\"http:\/\/fudokan.si\/wp-content\/uploads\/2025\/11\/gloria-svetak-fas-1-1024x575.jpg\" alt=\"\" width=\"960\" height=\"539\" srcset=\"https:\/\/fudokan.si\/wp-content\/uploads\/2025\/11\/gloria-svetak-fas-1-1024x575.jpg 1024w, https:\/\/fudokan.si\/wp-content\/uploads\/2025\/11\/gloria-svetak-fas-1-300x168.jpg 300w, https:\/\/fudokan.si\/wp-content\/uploads\/2025\/11\/gloria-svetak-fas-1-768x431.jpg 768w, https:\/\/fudokan.si\/wp-content\/uploads\/2025\/11\/gloria-svetak-fas-1-1140x640.jpg 1140w, https:\/\/fudokan.si\/wp-content\/uploads\/2025\/11\/gloria-svetak-fas-1.jpg 1320w\" sizes=\"(max-width: 960px) 100vw, 960px\" \/><\/p>\n<p><img loading=\"lazy\" decoding=\"async\" class=\"aligncenter wp-image-2473 size-large\" src=\"http:\/\/fudokan.si\/wp-content\/uploads\/2025\/11\/Nas-sensei-Gloria-Svetak-3.DAN_-976x1024.jpg\" alt=\"\" width=\"960\" height=\"1007\" srcset=\"https:\/\/fudokan.si\/wp-content\/uploads\/2025\/11\/Nas-sensei-Gloria-Svetak-3.DAN_-976x1024.jpg 976w, https:\/\/fudokan.si\/wp-content\/uploads\/2025\/11\/Nas-sensei-Gloria-Svetak-3.DAN_-286x300.jpg 286w, https:\/\/fudokan.si\/wp-content\/uploads\/2025\/11\/Nas-sensei-Gloria-Svetak-3.DAN_-768x806.jpg 768w, https:\/\/fudokan.si\/wp-content\/uploads\/2025\/11\/Nas-sensei-Gloria-Svetak-3.DAN_-1140x1197.jpg 1140w, https:\/\/fudokan.si\/wp-content\/uploads\/2025\/11\/Nas-sensei-Gloria-Svetak-3.DAN_.jpg 1310w\" sizes=\"(max-width: 960px) 100vw, 960px\" \/><\/p>\n<p>&nbsp;<\/p>\n<p><strong>Gloria Svetak\u00a0 &#8211; 3.DAN<\/strong><\/p>\n<p>&nbsp;<\/p>\n<p><a href=\"http:\/\/www.fudokaninfo.com\/international-fudokan-karate-rules-and-regulations\">World Fudokan Federation Rules<\/a><\/p>\n<p>&nbsp;<\/p>\n<p>&nbsp;<\/p>\n<p>&nbsp;<\/p>\n<p><strong>Sodniki FZKS\u00a0<\/strong><\/p>\n<p>Aljo\u0161a Lipavc<\/p>\n<p>Gloria \u0160vetak<\/p>\n<p>Ljubinko Jerini\u010d<\/p>\n<p>Velida Glamocic<\/p>\n<p>Marjan Mur\u0161i\u010d<\/p>\n<p>Mihaela Jerini\u010d<\/p>\n<p>Ga\u0161per Miuc<\/p>\n<p>Trina Lipavc<\/p>\n<p>Katja Kokol<\/p>\n<p>&nbsp;<\/p>\n<p>&nbsp;<\/p>\n<p><a href=\"http:\/\/fudokan.si\/wp-content\/uploads\/2022\/10\/IMG_1435.jpg\"><img loading=\"lazy\" decoding=\"async\" class=\"size-full wp-image-1827 aligncenter\" src=\"http:\/\/fudokan.si\/wp-content\/uploads\/2022\/10\/IMG_1435.jpg\" alt=\"\" width=\"1191\" height=\"1655\" srcset=\"https:\/\/fudokan.si\/wp-content\/uploads\/2022\/10\/IMG_1435.jpg 1191w, https:\/\/fudokan.si\/wp-content\/uploads\/2022\/10\/IMG_1435-216x300.jpg 216w, https:\/\/fudokan.si\/wp-content\/uploads\/2022\/10\/IMG_1435-737x1024.jpg 737w, https:\/\/fudokan.si\/wp-content\/uploads\/2022\/10\/IMG_1435-768x1067.jpg 768w, https:\/\/fudokan.si\/wp-content\/uploads\/2022\/10\/IMG_1435-1105x1536.jpg 1105w, https:\/\/fudokan.si\/wp-content\/uploads\/2022\/10\/IMG_1435-370x514.jpg 370w, https:\/\/fudokan.si\/wp-content\/uploads\/2022\/10\/IMG_1435-1040x1445.jpg 1040w\" sizes=\"(max-width: 1191px) 100vw, 1191px\" \/><\/a><\/p>\n<p><a href=\"http:\/\/fudokan.si\/wp-content\/uploads\/2022\/10\/IMG_3736.jpg\"><img loading=\"lazy\" decoding=\"async\" class=\"size-full wp-image-1828 aligncenter\" src=\"http:\/\/fudokan.si\/wp-content\/uploads\/2022\/10\/IMG_3736.jpg\" alt=\"\" width=\"2004\" height=\"1202\" srcset=\"https:\/\/fudokan.si\/wp-content\/uploads\/2022\/10\/IMG_3736.jpg 2004w, https:\/\/fudokan.si\/wp-content\/uploads\/2022\/10\/IMG_3736-300x180.jpg 300w, https:\/\/fudokan.si\/wp-content\/uploads\/2022\/10\/IMG_3736-1024x614.jpg 1024w, https:\/\/fudokan.si\/wp-content\/uploads\/2022\/10\/IMG_3736-768x461.jpg 768w, https:\/\/fudokan.si\/wp-content\/uploads\/2022\/10\/IMG_3736-1536x921.jpg 1536w, https:\/\/fudokan.si\/wp-content\/uploads\/2022\/10\/IMG_3736-370x222.jpg 370w, https:\/\/fudokan.si\/wp-content\/uploads\/2022\/10\/IMG_3736-1040x624.jpg 1040w\" sizes=\"(max-width: 2004px) 100vw, 2004px\" \/><\/a><\/p>\n<p>&nbsp;<\/p>\n","protected":false},"excerpt":{"rendered":"<p>Predsednik sodni\u0161ke komisije &nbsp; &nbsp; Gloria Svetak\u00a0 &#8211; 3.DAN &nbsp; World Fudokan Federation Rules &nbsp; &nbsp; &nbsp; Sodniki FZKS\u00a0 Aljo\u0161a Lipavc Gloria \u0160vetak Ljubinko Jerini\u010d Velida Glamocic Marjan Mur\u0161i\u010d Mihaela Jerini\u010d Ga\u0161per Miuc Trina Lipavc Katja Kokol &nbsp; &nbsp; &nbsp;<\/p>\n","protected":false},"author":2,"featured_media":2004,"parent":31,"menu_order":0,"comment_status":"closed","ping_status":"closed","template":"","meta":{"footnotes":""},"_links":{"self":[{"href":"https:\/\/fudokan.si\/index.php?rest_route=\/wp\/v2\/pages\/37"}],"collection":[{"href":"https:\/\/fudokan.si\/index.php?rest_route=\/wp\/v2\/pages"}],"about":[{"href":"https:\/\/fudokan.si\/index.php?rest_route=\/wp\/v2\/types\/page"}],"author":[{"embeddable":true,"href":"https:\/\/fudokan.si\/index.php?rest_route=\/wp\/v2\/users\/2"}],"replies":[{"embeddable":true,"href":"https:\/\/fudokan.si\/index.php?rest_route=%2Fwp%2Fv2%2Fcomments&post=37"}],"version-history":[{"count":16,"href":"https:\/\/fudokan.si\/index.php?rest_route=\/wp\/v2\/pages\/37\/revisions"}],"predecessor-version":[{"id":2580,"href":"https:\/\/fudokan.si\/index.php?rest_route=\/wp\/v2\/pages\/37\/revisions\/2580"}],"up":[{"embeddable":true,"href":"https:\/\/fudokan.si\/index.php?rest_route=\/wp\/v2\/pages\/31"}],"wp:featuredmedia":[{"embeddable":true,"href":"https:\/\/fudokan.si\/index.php?rest_route=\/wp\/v2\/media\/2004"}],"wp:attachment":[{"href":"https:\/\/fudokan.si\/index.php?rest_route=%2Fwp%2Fv2%2Fmedia&parent=37"}],"curies":[{"name":"wp","href":"https:\/\/api.w.org\/{rel}","templated":true}]}}